{"id":1305,"date":"2023-10-21T15:00:33","date_gmt":"2023-10-21T13:00:33","guid":{"rendered":"https:\/\/www.acdecanatocarate.it\/New\/?page_id=1305"},"modified":"2023-11-18T20:38:10","modified_gmt":"2023-11-18T19:38:10","slug":"prima-lectio-prendete-il-largo-e-gettate-le-reti","status":"publish","type":"page","link":"https:\/\/www.acdecanatocarate.it\/New\/prima-lectio-prendete-il-largo-e-gettate-le-reti\/","title":{"rendered":"Prima Lectio &#8220;Prendete il largo e gettate le reti&#8221;"},"content":{"rendered":"\t\t<div data-elementor-type=\"wp-page\" data-elementor-id=\"1305\" class=\"elementor elementor-1305\">\n\t\t\t\t\t\t\t\t\t<section class=\"elementor-section elementor-top-section elementor-element elementor-element-b742c45 elementor-section-boxed elementor-section-height-default elementor-section-height-default\" data-id=\"b742c45\" data-element_type=\"section\">\n\t\t\t\t\t\t<div class=\"elementor-container elementor-column-gap-default\">\n\t\t\t\t\t<div class=\"elementor-column elementor-col-100 elementor-top-column elementor-element elementor-element-c4ccc11\" data-id=\"c4ccc11\" data-element_type=\"column\">\n\t\t\t<div class=\"elementor-widget-wrap elementor-element-populated\">\n\t\t\t\t\t\t\t\t<div class=\"elementor-element elementor-element-290ebeb elementor-widget elementor-widget-heading\" data-id=\"290ebeb\" data-element_type=\"widget\" data-widget_type=\"heading.default\">\n\t\t\t\t<div class=\"elementor-widget-container\">\n\t\t\t<style>\/*! elementor - v3.10.2 - 29-01-2023 *\/\n.elementor-heading-title{padding:0;margin:0;line-height:1}.elementor-widget-heading .elementor-heading-title[class*=elementor-size-]>a{color:inherit;font-size:inherit;line-height:inherit}.elementor-widget-heading .elementor-heading-title.elementor-size-small{font-size:15px}.elementor-widget-heading .elementor-heading-title.elementor-size-medium{font-size:19px}.elementor-widget-heading .elementor-heading-title.elementor-size-large{font-size:29px}.elementor-widget-heading .elementor-heading-title.elementor-size-xl{font-size:39px}.elementor-widget-heading .elementor-heading-title.elementor-size-xxl{font-size:59px}<\/style><h2 class=\"elementor-heading-title elementor-size-default\">\"La chiamata\": Lc 5, 1-11<\/h2>\t\t<\/div>\n\t\t\t\t<\/div>\n\t\t\t\t\t<\/div>\n\t\t<\/div>\n\t\t\t\t\t\t\t<\/div>\n\t\t<\/section>\n\t\t\t\t<section class=\"elementor-section elementor-top-section elementor-element elementor-element-13e0013 elementor-section-boxed elementor-section-height-default elementor-section-height-default\" data-id=\"13e0013\" data-element_type=\"section\">\n\t\t\t\t\t\t<div class=\"elementor-container elementor-column-gap-default\">\n\t\t\t\t\t<div class=\"elementor-column elementor-col-100 elementor-top-column elementor-element elementor-element-d8e61af\" data-id=\"d8e61af\" data-element_type=\"column\">\n\t\t\t<div class=\"elementor-widget-wrap elementor-element-populated\">\n\t\t\t\t\t\t\t\t<div class=\"elementor-element elementor-element-2c98e5e elementor-widget elementor-widget-text-editor\" data-id=\"2c98e5e\" data-element_type=\"widget\" data-widget_type=\"text-editor.default\">\n\t\t\t\t<div class=\"elementor-widget-container\">\n\t\t\t<style>\/*! elementor - v3.10.2 - 29-01-2023 *\/\n.elementor-widget-text-editor.elementor-drop-cap-view-stacked .elementor-drop-cap{background-color:#818a91;color:#fff}.elementor-widget-text-editor.elementor-drop-cap-view-framed .elementor-drop-cap{color:#818a91;border:3px solid;background-color:transparent}.elementor-widget-text-editor:not(.elementor-drop-cap-view-default) .elementor-drop-cap{margin-top:8px}.elementor-widget-text-editor:not(.elementor-drop-cap-view-default) .elementor-drop-cap-letter{width:1em;height:1em}.elementor-widget-text-editor .elementor-drop-cap{float:left;text-align:center;line-height:1;font-size:50px}.elementor-widget-text-editor .elementor-drop-cap-letter{display:inline-block}<\/style>\t\t\t\t<p>Venerd\u00ec 20 ottobre, con il ritorno in quella che per tanti anni \u00e8 stata la sede storica degli appuntamenti con la lectio, ha preso il via il cammino di quest&#8217;anno.<br \/>Come anticipato, quest&#8217;anno non \u00e8 prevista la diretta streaming ma su questo sito troveranno spazio il testo del Vangelo, la lectio proposta da don Emilio e la proposta di actio per il mese.<br \/>Desideriamo anche cos\u00ec offrire che a chi trova nell&#8217;impossibilit\u00e0 di partecipare in presenza di vivere comunque un momento di riflessione e di preghiera con la Parola, luce del nostro cammino.<\/p><p>A causa di un problema tecnico siamo in ritardo con questa pubblicazione.<br \/>Ci scusiamo ma per il momento dobbiamo limitarci a pubblicare solo l&#8217;audio della registrazione della lectio.<br \/>Ma in fondo, quel che ci interessa \u00e8,,, la Parola<\/p>\t\t\t\t\t\t<\/div>\n\t\t\t\t<\/div>\n\t\t\t\t\t<\/div>\n\t\t<\/div>\n\t\t\t\t\t\t\t<\/div>\n\t\t<\/section>\n\t\t\t\t<section class=\"elementor-section elementor-top-section elementor-element elementor-element-0533232 elementor-section-boxed elementor-section-height-default elementor-section-height-default\" data-id=\"0533232\" data-element_type=\"section\">\n\t\t\t\t\t\t<div class=\"elementor-container elementor-column-gap-default\">\n\t\t\t\t\t<div class=\"elementor-column elementor-col-100 elementor-top-column elementor-element elementor-element-0467cb7\" data-id=\"0467cb7\" data-element_type=\"column\">\n\t\t\t<div class=\"elementor-widget-wrap elementor-element-populated\">\n\t\t\t\t\t\t\t\t<div class=\"elementor-element elementor-element-71428fb elementor-widget elementor-widget-heading\" data-id=\"71428fb\" data-element_type=\"widget\" data-widget_type=\"heading.default\">\n\t\t\t\t<div class=\"elementor-widget-container\">\n\t\t\t<h2 class=\"elementor-heading-title elementor-size-default\">In ascolto della Parola<\/h2>\t\t<\/div>\n\t\t\t\t<\/div>\n\t\t\t\t\t<\/div>\n\t\t<\/div>\n\t\t\t\t\t\t\t<\/div>\n\t\t<\/section>\n\t\t\t\t<section class=\"elementor-section elementor-top-section elementor-element elementor-element-da7ce99 elementor-section-boxed elementor-section-height-default elementor-section-height-default\" data-id=\"da7ce99\" data-element_type=\"section\">\n\t\t\t\t\t\t<div class=\"elementor-container elementor-column-gap-default\">\n\t\t\t\t\t<div class=\"elementor-column elementor-col-100 elementor-top-column elementor-element elementor-element-7bf6674\" data-id=\"7bf6674\" data-element_type=\"column\">\n\t\t\t<div class=\"elementor-widget-wrap elementor-element-populated\">\n\t\t\t\t\t\t\t\t<section class=\"elementor-section elementor-inner-section elementor-element elementor-element-51298f3 elementor-section-boxed elementor-section-height-default elementor-section-height-default\" data-id=\"51298f3\" data-element_type=\"section\">\n\t\t\t\t\t\t<div class=\"elementor-container elementor-column-gap-default\">\n\t\t\t\t\t<div class=\"elementor-column elementor-col-50 elementor-inner-column elementor-element elementor-element-c33eca4\" data-id=\"c33eca4\" data-element_type=\"column\">\n\t\t\t<div class=\"elementor-widget-wrap elementor-element-populated\">\n\t\t\t\t\t\t\t\t<div class=\"elementor-element elementor-element-814a117 elementor-widget elementor-widget-image\" data-id=\"814a117\" data-element_type=\"widget\" data-widget_type=\"image.default\">\n\t\t\t\t<div class=\"elementor-widget-container\">\n\t\t\t<style>\/*! elementor - v3.10.2 - 29-01-2023 *\/\n.elementor-widget-image{text-align:center}.elementor-widget-image a{display:inline-block}.elementor-widget-image a img[src$=\".svg\"]{width:48px}.elementor-widget-image img{vertical-align:middle;display:inline-block}<\/style>\t\t\t\t\t\t\t\t\t\t\t\t<img loading=\"lazy\" decoding=\"async\" width=\"263\" height=\"192\" src=\"https:\/\/www.acdecanatocarate.it\/New\/wp-content\/uploads\/2023\/10\/la-pesca-miracolosa.jpg\" class=\"attachment-medium size-medium wp-image-1306\" alt=\"\" \/>\t\t\t\t\t\t\t\t\t\t\t\t\t\t\t<\/div>\n\t\t\t\t<\/div>\n\t\t\t\t\t<\/div>\n\t\t<\/div>\n\t\t\t\t<div class=\"elementor-column elementor-col-50 elementor-inner-column elementor-element elementor-element-0112254\" data-id=\"0112254\" data-element_type=\"column\">\n\t\t\t<div class=\"elementor-widget-wrap elementor-element-populated\">\n\t\t\t\t\t\t\t\t<div class=\"elementor-element elementor-element-eac4af9 elementor-widget elementor-widget-text-editor\" data-id=\"eac4af9\" data-element_type=\"widget\" data-widget_type=\"text-editor.default\">\n\t\t\t\t<div class=\"elementor-widget-container\">\n\t\t\t\t\t\t\t<p><span id=\"verse_142664\" class=\"verse selected  with_note\" data-verses-id=\"142664\"><span class=\"text-to-speech\"><span id=\"verse_142697\" class=\"verse\" data-verses-id=\"142697\"><sup><span class=\"verse_number\">1<\/span><\/sup><\/span>Mentre la folla gli faceva ressa attorno per ascoltare la parola di Dio, Ges\u00f9, stando presso il lago di Genn\u00e8saret, <\/span><\/span><span id=\"verse_142697\" class=\"verse\" data-verses-id=\"142697\"><span class=\"text-to-speech\"><sup><span class=\"verse_number\">2<\/span><\/sup>vide due barche accostate alla sponda. I pescatori erano scesi e lavavano le reti.\u00a0<\/span><\/span><span id=\"verse_142730\" class=\"verse\" data-verses-id=\"142730\"><span class=\"text-to-speech\"><sup><span class=\"verse_number\">3<\/span><\/sup>Sal\u00ec in una barca, che era di Simone, e lo preg\u00f2 di scostarsi un poco da terra. Sedette e insegnava alle folle dalla barca.<br \/><\/span><\/span><span id=\"verse_142763\" class=\"verse with_note\" data-verses-id=\"142763\"><span class=\"text-to-speech\"><span id=\"verse_142697\" class=\"verse\" data-verses-id=\"142697\"><sup><span class=\"verse_number\">4<\/span><\/sup><\/span>Quando ebbe finito di parlare, disse a Simone: &#8220;Prendi il largo e gettate le vostre reti per la pesca&#8221;. <\/span><\/span><span id=\"verse_142766\" class=\"verse\" data-verses-id=\"142766\"><span class=\"text-to-speech\"><sup><span class=\"verse_number\">5<\/span><\/sup>Simone rispose: &#8220;Maestro, abbiamo faticato tutta la notte e non abbiamo preso nulla; ma sulla tua parola getter\u00f2 le reti&#8221;.\u00a0<\/span><\/span><span id=\"verse_142769\" class=\"verse\" data-verses-id=\"142769\"><span class=\"text-to-speech\"><sup><span class=\"verse_number\">6<\/span><\/sup>Fecero cos\u00ec e presero una quantit\u00e0 enorme di pesci e le loro reti quasi si rompevano.\u00a0<\/span><\/span><span id=\"verse_142772\" class=\"verse\" data-verses-id=\"142772\"><span class=\"text-to-speech\"><sup><span class=\"verse_number\">7<\/span><\/sup>Allora fecero cenno ai compagni dell&#8217;altra barca, che venissero ad aiutarli. Essi vennero e riempirono tutte e due le barche fino a farle quasi affondare.<i>\u00a0<\/i><\/span><\/span><span id=\"verse_142775\" class=\"verse\" data-verses-id=\"142775\"><span class=\"text-to-speech\"><sup><span class=\"verse_number\">8<\/span><\/sup>Al vedere questo, Simon Pietro si gett\u00f2 alle ginocchia di Ges\u00f9, dicendo: &#8220;Signore, allont\u00e0nati da me, perch\u00e9 sono un peccatore&#8221;.\u00a0<\/span><\/span><span id=\"verse_142778\" class=\"verse\" data-verses-id=\"142778\"><span class=\"text-to-speech\"><sup><span class=\"verse_number\">9<\/span><\/sup>Lo stupore infatti aveva invaso lui e tutti quelli che erano con lui, per la pesca che avevano fatto;\u00a0<\/span><\/span><span id=\"verse_142667\" class=\"verse\" data-verses-id=\"142667\"><span class=\"text-to-speech\"><sup><span class=\"verse_number\">10<\/span><\/sup>cos\u00ec pure Giacomo e Giovanni, figli di Zebedeo, che erano soci di Simone. Ges\u00f9 disse a Simone: &#8220;Non temere; d&#8217;ora in poi sarai pescatore di uomini&#8221;.\u00a0<\/span><\/span><span id=\"verse_142670\" class=\"verse\" data-verses-id=\"142670\"><span class=\"text-to-speech\"><sup><span class=\"verse_number\">11<\/span><\/sup>E, tirate le barche a terra, lasciarono tutto e lo seguirono.<\/span><\/span><\/p>\t\t\t\t\t\t<\/div>\n\t\t\t\t<\/div>\n\t\t\t\t\t<\/div>\n\t\t<\/div>\n\t\t\t\t\t\t\t<\/div>\n\t\t<\/section>\n\t\t\t\t<div class=\"elementor-element elementor-element-084cf2d elementor-widget elementor-widget-spacer\" data-id=\"084cf2d\" data-element_type=\"widget\" data-widget_type=\"spacer.default\">\n\t\t\t\t<div class=\"elementor-widget-container\">\n\t\t\t<style>\/*! elementor - v3.10.2 - 29-01-2023 *\/\n.elementor-column .elementor-spacer-inner{height:var(--spacer-size)}.e-con{--container-widget-width:100%}.e-con-inner>.elementor-widget-spacer,.e-con>.elementor-widget-spacer{width:var(--container-widget-width,var(--spacer-size));--align-self:var(--container-widget-align-self,initial);--flex-shrink:0}.e-con-inner>.elementor-widget-spacer>.elementor-widget-container,.e-con-inner>.elementor-widget-spacer>.elementor-widget-container>.elementor-spacer,.e-con>.elementor-widget-spacer>.elementor-widget-container,.e-con>.elementor-widget-spacer>.elementor-widget-container>.elementor-spacer{height:100%}.e-con-inner>.elementor-widget-spacer>.elementor-widget-container>.elementor-spacer>.elementor-spacer-inner,.e-con>.elementor-widget-spacer>.elementor-widget-container>.elementor-spacer>.elementor-spacer-inner{height:var(--container-widget-height,var(--spacer-size))}<\/style>\t\t<div class=\"elementor-spacer\">\n\t\t\t<div class=\"elementor-spacer-inner\"><\/div>\n\t\t<\/div>\n\t\t\t\t<\/div>\n\t\t\t\t<\/div>\n\t\t\t\t\t<\/div>\n\t\t<\/div>\n\t\t\t\t\t\t\t<\/div>\n\t\t<\/section>\n\t\t\t\t<section class=\"elementor-section elementor-top-section elementor-element elementor-element-76cce2c elementor-section-boxed elementor-section-height-default elementor-section-height-default\" data-id=\"76cce2c\" data-element_type=\"section\">\n\t\t\t\t\t\t<div class=\"elementor-container elementor-column-gap-default\">\n\t\t\t\t\t<div class=\"elementor-column elementor-col-100 elementor-top-column elementor-element elementor-element-6632fe3\" data-id=\"6632fe3\" data-element_type=\"column\">\n\t\t\t<div class=\"elementor-widget-wrap elementor-element-populated\">\n\t\t\t\t\t\t\t\t<div class=\"elementor-element elementor-element-f8ad5ec elementor-widget elementor-widget-heading\" data-id=\"f8ad5ec\" data-element_type=\"widget\" data-widget_type=\"heading.default\">\n\t\t\t\t<div class=\"elementor-widget-container\">\n\t\t\t<h2 class=\"elementor-heading-title elementor-size-default\">Lectio proposta da don Emilio Gnani<\/h2>\t\t<\/div>\n\t\t\t\t<\/div>\n\t\t\t\t\t<\/div>\n\t\t<\/div>\n\t\t\t\t\t\t\t<\/div>\n\t\t<\/section>\n\t\t\t\t<section class=\"elementor-section elementor-top-section elementor-element elementor-element-4a16c8d elementor-section-boxed elementor-section-height-default elementor-section-height-default\" data-id=\"4a16c8d\" data-element_type=\"section\">\n\t\t\t\t\t\t<div class=\"elementor-container elementor-column-gap-default\">\n\t\t\t\t\t<div class=\"elementor-column elementor-col-100 elementor-top-column elementor-element elementor-element-16d12a4\" data-id=\"16d12a4\" data-element_type=\"column\">\n\t\t\t<div class=\"elementor-widget-wrap elementor-element-populated\">\n\t\t\t\t\t\t\t\t<section class=\"elementor-section elementor-inner-section elementor-element elementor-element-98e63a0 elementor-section-boxed elementor-section-height-default elementor-section-height-default\" data-id=\"98e63a0\" data-element_type=\"section\">\n\t\t\t\t\t\t<div class=\"elementor-container elementor-column-gap-default\">\n\t\t\t\t\t<div class=\"elementor-column elementor-col-50 elementor-inner-column elementor-element elementor-element-3836438\" data-id=\"3836438\" data-element_type=\"column\">\n\t\t\t<div class=\"elementor-widget-wrap elementor-element-populated\">\n\t\t\t\t\t\t\t\t<div class=\"elementor-element elementor-element-ec29bcf elementor-widget elementor-widget-image\" data-id=\"ec29bcf\" data-element_type=\"widget\" data-widget_type=\"image.default\">\n\t\t\t\t<div class=\"elementor-widget-container\">\n\t\t\t\t\t\t\t\t\t\t\t\t<figure class=\"wp-caption\">\n\t\t\t\t\t\t\t\t\t\t\t<a href=\"https:\/\/www.acdecanatocarate.it\/New\/wp-content\/uploads\/2023\/10\/lectio1_audio_parte1.mp3\">\n\t\t\t\t\t\t\t<img loading=\"lazy\" decoding=\"async\" width=\"225\" height=\"300\" src=\"https:\/\/www.acdecanatocarate.it\/New\/wp-content\/uploads\/2023\/10\/IMG_3128-225x300.jpg\" class=\"attachment-medium size-medium wp-image-1343\" alt=\"\" srcset=\"https:\/\/www.acdecanatocarate.it\/New\/wp-content\/uploads\/2023\/10\/IMG_3128-225x300.jpg 225w, https:\/\/www.acdecanatocarate.it\/New\/wp-content\/uploads\/2023\/10\/IMG_3128-768x1024.jpg 768w, https:\/\/www.acdecanatocarate.it\/New\/wp-content\/uploads\/2023\/10\/IMG_3128-1152x1536.jpg 1152w, https:\/\/www.acdecanatocarate.it\/New\/wp-content\/uploads\/2023\/10\/IMG_3128-1536x2048.jpg 1536w, https:\/\/www.acdecanatocarate.it\/New\/wp-content\/uploads\/2023\/10\/IMG_3128-scaled.jpg 1920w\" sizes=\"auto, (max-width: 225px) 100vw, 225px\" \/>\t\t\t\t\t\t\t\t<\/a>\n\t\t\t\t\t\t\t\t\t\t\t<figcaption class=\"widget-image-caption wp-caption-text\">Prima parte registrazione lectio<\/figcaption>\n\t\t\t\t\t\t\t\t\t\t<\/figure>\n\t\t\t\t\t\t\t\t\t<\/div>\n\t\t\t\t<\/div>\n\t\t\t\t\t<\/div>\n\t\t<\/div>\n\t\t\t\t<div class=\"elementor-column elementor-col-50 elementor-inner-column elementor-element elementor-element-fe7a7a7\" data-id=\"fe7a7a7\" data-element_type=\"column\">\n\t\t\t<div class=\"elementor-widget-wrap elementor-element-populated\">\n\t\t\t\t\t\t\t\t<div class=\"elementor-element elementor-element-bb6590c elementor-widget elementor-widget-image\" data-id=\"bb6590c\" data-element_type=\"widget\" data-widget_type=\"image.default\">\n\t\t\t\t<div class=\"elementor-widget-container\">\n\t\t\t\t\t\t\t\t\t\t\t\t<figure class=\"wp-caption\">\n\t\t\t\t\t\t\t\t\t\t\t<a href=\"https:\/\/www.acdecanatocarate.it\/New\/wp-content\/uploads\/2023\/10\/lectio1_audio_parte2.mp3\">\n\t\t\t\t\t\t\t<img loading=\"lazy\" decoding=\"async\" width=\"225\" height=\"300\" src=\"https:\/\/www.acdecanatocarate.it\/New\/wp-content\/uploads\/2023\/10\/IMG_3128-225x300.jpg\" class=\"attachment-medium size-medium wp-image-1343\" alt=\"\" srcset=\"https:\/\/www.acdecanatocarate.it\/New\/wp-content\/uploads\/2023\/10\/IMG_3128-225x300.jpg 225w, https:\/\/www.acdecanatocarate.it\/New\/wp-content\/uploads\/2023\/10\/IMG_3128-768x1024.jpg 768w, https:\/\/www.acdecanatocarate.it\/New\/wp-content\/uploads\/2023\/10\/IMG_3128-1152x1536.jpg 1152w, https:\/\/www.acdecanatocarate.it\/New\/wp-content\/uploads\/2023\/10\/IMG_3128-1536x2048.jpg 1536w, https:\/\/www.acdecanatocarate.it\/New\/wp-content\/uploads\/2023\/10\/IMG_3128-scaled.jpg 1920w\" sizes=\"auto, (max-width: 225px) 100vw, 225px\" \/>\t\t\t\t\t\t\t\t<\/a>\n\t\t\t\t\t\t\t\t\t\t\t<figcaption class=\"widget-image-caption wp-caption-text\">Seconda parte registrazione lectio<\/figcaption>\n\t\t\t\t\t\t\t\t\t\t<\/figure>\n\t\t\t\t\t\t\t\t\t<\/div>\n\t\t\t\t<\/div>\n\t\t\t\t\t<\/div>\n\t\t<\/div>\n\t\t\t\t\t\t\t<\/div>\n\t\t<\/section>\n\t\t\t\t\t<\/div>\n\t\t<\/div>\n\t\t\t\t\t\t\t<\/div>\n\t\t<\/section>\n\t\t\t\t<section class=\"elementor-section elementor-top-section elementor-element elementor-element-85dd02b elementor-section-boxed elementor-section-height-default elementor-section-height-default\" data-id=\"85dd02b\" data-element_type=\"section\">\n\t\t\t\t\t\t<div class=\"elementor-container elementor-column-gap-default\">\n\t\t\t\t\t<div class=\"elementor-column elementor-col-100 elementor-top-column elementor-element elementor-element-235fd0d\" data-id=\"235fd0d\" data-element_type=\"column\">\n\t\t\t<div class=\"elementor-widget-wrap elementor-element-populated\">\n\t\t\t\t\t\t\t\t<div class=\"elementor-element elementor-element-0de4db7 elementor-widget elementor-widget-spacer\" data-id=\"0de4db7\" data-element_type=\"widget\" data-widget_type=\"spacer.default\">\n\t\t\t\t<div class=\"elementor-widget-container\">\n\t\t\t\t\t<div class=\"elementor-spacer\">\n\t\t\t<div class=\"elementor-spacer-inner\"><\/div>\n\t\t<\/div>\n\t\t\t\t<\/div>\n\t\t\t\t<\/div>\n\t\t\t\t<div class=\"elementor-element elementor-element-eb802eb elementor-widget elementor-widget-heading\" data-id=\"eb802eb\" data-element_type=\"widget\" data-widget_type=\"heading.default\">\n\t\t\t\t<div class=\"elementor-widget-container\">\n\t\t\t<h2 class=\"elementor-heading-title elementor-size-default\">Actio proposta<\/h2>\t\t<\/div>\n\t\t\t\t<\/div>\n\t\t\t\t\t<\/div>\n\t\t<\/div>\n\t\t\t\t\t\t\t<\/div>\n\t\t<\/section>\n\t\t\t\t<section class=\"elementor-section elementor-top-section elementor-element elementor-element-1a11c76 elementor-section-boxed elementor-section-height-default elementor-section-height-default\" data-id=\"1a11c76\" data-element_type=\"section\">\n\t\t\t\t\t\t<div class=\"elementor-container elementor-column-gap-default\">\n\t\t\t\t\t<div class=\"elementor-column elementor-col-100 elementor-top-column elementor-element elementor-element-4309923\" data-id=\"4309923\" data-element_type=\"column\">\n\t\t\t<div class=\"elementor-widget-wrap elementor-element-populated\">\n\t\t\t\t\t\t\t\t<div class=\"elementor-element elementor-element-d906352 elementor-aspect-ratio-169 elementor-widget elementor-widget-video\" data-id=\"d906352\" data-element_type=\"widget\" data-settings=\"{&quot;youtube_url&quot;:&quot;https:\\\/\\\/youtu.be\\\/iIJdSYjOwtk&quot;,&quot;video_type&quot;:&quot;youtube&quot;,&quot;controls&quot;:&quot;yes&quot;,&quot;aspect_ratio&quot;:&quot;169&quot;}\" data-widget_type=\"video.default\">\n\t\t\t\t<div class=\"elementor-widget-container\">\n\t\t\t<style>\/*! elementor - v3.10.2 - 29-01-2023 *\/\n.elementor-widget-video .elementor-widget-container{overflow:hidden;transform:translateZ(0)}.elementor-widget-video .elementor-open-inline .elementor-custom-embed-image-overlay{position:absolute;top:0;left:0;width:100%;height:100%;background-size:cover;background-position:50%}.elementor-widget-video .elementor-custom-embed-image-overlay{cursor:pointer;text-align:center}.elementor-widget-video .elementor-custom-embed-image-overlay:hover .elementor-custom-embed-play i{opacity:1}.elementor-widget-video .elementor-custom-embed-image-overlay img{display:block;width:100%}.elementor-widget-video .e-hosted-video .elementor-video{-o-object-fit:cover;object-fit:cover}.e-con-inner>.elementor-widget-video,.e-con>.elementor-widget-video{width:var(--container-widget-width);--flex-grow:var(--container-widget-flex-grow)}<\/style>\t\t<div class=\"elementor-wrapper elementor-fit-aspect-ratio elementor-open-inline\">\n\t\t\t<div class=\"elementor-video\"><\/div>\t\t<\/div>\n\t\t\t\t<\/div>\n\t\t\t\t<\/div>\n\t\t\t\t\t<\/div>\n\t\t<\/div>\n\t\t\t\t\t\t\t<\/div>\n\t\t<\/section>\n\t\t\t\t\t\t\t<\/div>\n\t\t","protected":false},"excerpt":{"rendered":"<p>&#8220;La chiamata&#8221;: Lc 5, 1-11 Venerd\u00ec 20 ottobre, con il ritorno in quella che per tanti anni \u00e8 stata la sede storica degli appuntamenti con la lectio, ha preso il via il cammino di quest&#8217;anno.Come anticipato, quest&#8217;anno non \u00e8 prevista la diretta streaming ma su questo sito troveranno spazio il testo del Vangelo, la lectio&#8230;<\/p>\n","protected":false},"author":1,"featured_media":0,"parent":0,"menu_order":0,"comment_status":"closed","ping_status":"closed","template":"","meta":{"_mi_skip_tracking":false,"footnotes":""},"class_list":["post-1305","page","type-page","status-publish","hentry"],"_links":{"self":[{"href":"https:\/\/www.acdecanatocarate.it\/New\/wp-json\/wp\/v2\/pages\/1305","targetHints":{"allow":["GET"]}}],"collection":[{"href":"https:\/\/www.acdecanatocarate.it\/New\/wp-json\/wp\/v2\/pages"}],"about":[{"href":"https:\/\/www.acdecanatocarate.it\/New\/wp-json\/wp\/v2\/types\/page"}],"author":[{"embeddable":true,"href":"https:\/\/www.acdecanatocarate.it\/New\/wp-json\/wp\/v2\/users\/1"}],"replies":[{"embeddable":true,"href":"https:\/\/www.acdecanatocarate.it\/New\/wp-json\/wp\/v2\/comments?post=1305"}],"version-history":[{"count":54,"href":"https:\/\/www.acdecanatocarate.it\/New\/wp-json\/wp\/v2\/pages\/1305\/revisions"}],"predecessor-version":[{"id":1439,"href":"https:\/\/www.acdecanatocarate.it\/New\/wp-json\/wp\/v2\/pages\/1305\/revisions\/1439"}],"wp:attachment":[{"href":"https:\/\/www.acdecanatocarate.it\/New\/wp-json\/wp\/v2\/media?parent=1305"}],"curies":[{"name":"wp","href":"https:\/\/api.w.org\/{rel}","templated":true}]}}